{"id":32943,"date":"2018-05-04T08:38:44","date_gmt":"2018-05-04T09:38:44","guid":{"rendered":"https:\/\/new.hmstr.website\/?page_id=32943"},"modified":"2025-07-23T13:47:19","modified_gmt":"2025-07-23T14:47:19","slug":"datenschutz","status":"publish","type":"page","link":"https:\/\/www.abraxas.de\/en\/datenschutz\/","title":{"rendered":"Datenschutzerkl\u00e4rung"},"content":{"rendered":"<div class=\"wpb-content-wrapper\"><p>[vc_row][vc_column]<div class=\"clearboth\"><\/div><style>#thegem-divider-69f54df69e35f {margin-top: 130px !important;}<\/style><div id=\"thegem-divider-69f54df69e35f\" class=\"gem-divider  \" style=\"\" ><\/div>[vc_column_text]<\/p>\n<h2 style=\"text-align: center;\">Datenschutzerkl\u00e4rung<\/h2>\n<p>[\/vc_column_text][vc_separator color=&#8221;custom&#8221; border_width=&#8221;2&#8243; el_width=&#8221;40&#8243; accent_color=&#8221;#00bcd4&#8243;][\/vc_column][\/vc_row][vc_row][vc_column][vc_column_text]Wir freuen uns sehr \u00fcber Ihr Interesse an unserem Unternehmen. Datenschutz<br \/>\nhat einen besonders hohen Stellenwert f\u00fcr die Gesch\u00e4ftsleitung der abraxas Software-Entwicklungsgesellschaft mbH. Eine Nutzung der Internetseiten der abraxas Software-Entwicklungsgesellschaft mbH ist<br \/>\ngrunds\u00e4tzlich ohne jede Angabe personenbezogener Daten m\u00f6glich. Sofern eine<br \/>\nbetroffene Person besondere Services unseres Unternehmens \u00fcber unsere<br \/>\nInternetseite in Anspruch nehmen m\u00f6chte, k\u00f6nnte jedoch eine Verarbeitung<br \/>\npersonenbezogener Daten erforderlich werden. Ist die Verarbeitung<br \/>\npersonenbezogener Daten erforderlich und besteht f\u00fcr eine solche Verarbeitung<br \/>\nkeine gesetzliche Grundlage, holen wir generell eine Einwilligung der<br \/>\nbetroffenen Person ein.<\/p>\n<p>Die Verarbeitung personenbezogener Daten, beispielsweise des Namens, der<br \/>\nAnschrift, E-Mail-Adresse oder Telefonnummer einer betroffenen Person, erfolgt<br \/>\nstets im Einklang mit der Datenschutz-Grundverordnung und in \u00dcbereinstimmung<br \/>\nmit den f\u00fcr die abraxas Software-Entwicklungsgesellschaft mbH geltenden landesspezifischen<br \/>\nDatenschutzbestimmungen. Mittels dieser Datenschutzerkl\u00e4rung m\u00f6chte unser<br \/>\nUnternehmen die \u00d6ffentlichkeit \u00fcber Art, Umfang und Zweck der von uns<br \/>\nerhobenen, genutzten und verarbeiteten personenbezogenen Daten informieren.<br \/>\nFerner werden betroffene Personen mittels dieser Datenschutzerkl\u00e4rung \u00fcber die<br \/>\nihnen zustehenden Rechte aufgekl\u00e4rt.<\/p>\n<p>Die abraxas Software-Entwicklungsgesellschaft mbH hat als f\u00fcr die Verarbeitung Verantwortlicher<br \/>\nzahlreiche technische und organisatorische Ma\u00dfnahmen umgesetzt, um einen<br \/>\nm\u00f6glichst l\u00fcckenlosen Schutz der \u00fcber diese Internetseite verarbeiteten<br \/>\npersonenbezogenen Daten sicherzustellen. Dennoch k\u00f6nnen Internetbasierte<br \/>\nDaten\u00fcbertragungen grunds\u00e4tzlich Sicherheitsl\u00fccken aufweisen, sodass ein<br \/>\nabsoluter Schutz nicht gew\u00e4hrleistet werden kann. Aus diesem Grund steht es<br \/>\njeder betroffenen Person frei, personenbezogene Daten auch auf alternativen<br \/>\nWegen, beispielsweise telefonisch, an uns zu \u00fcbermitteln.<\/p>\n<h3 class=\"title-h3\">1. Begriffsbestimmungen<\/h3>\n<p>Die Datenschutzerkl\u00e4rung der abraxas Software-Entwicklungsgesellschaft mbH beruht auf den<br \/>\nBegrifflichkeiten, die durch den Europ\u00e4ischen Richtlinien- und Verordnungsgeber<br \/>\nbeim Erlass der Datenschutz-Grundverordnung (DS-GVO) verwendet wurden. Unsere<br \/>\nDatenschutzerkl\u00e4rung soll sowohl f\u00fcr die \u00d6ffentlichkeit als auch f\u00fcr unsere<br \/>\nKunden und Gesch\u00e4ftspartner einfach lesbar und verst\u00e4ndlich sein. Um dies zu<br \/>\ngew\u00e4hrleisten, m\u00f6chten wir vorab die verwendeten Begrifflichkeiten erl\u00e4utern.<\/p>\n<p>Wir verwenden in dieser Datenschutzerkl\u00e4rung unter anderem die folgenden<br \/>\nBegriffe:<\/p>\n<h4>a) personenbezogene Daten<\/h4>\n<p>Personenbezogene Daten sind alle Informationen,<br \/>\ndie sich auf eine identifizierte oder identifizierbare nat\u00fcrliche Person (im<br \/>\nFolgenden \u201ebetroffene Person\u201c) beziehen. Als identifizierbar wird eine<br \/>\nnat\u00fcrliche Person angesehen, die direkt oder indirekt, insbesondere mittels<br \/>\nZuordnung zu einer Kennung wie einem Namen, zu einer Kennnummer, zu<br \/>\nStandortdaten, zu einer Online-Kennung oder zu einem oder mehreren besonderen<br \/>\nMerkmalen, die Ausdruck der physischen, physiologischen, genetischen,<br \/>\npsychischen, wirtschaftlichen, kulturellen oder sozialen Identit\u00e4t dieser<br \/>\nnat\u00fcrlichen Person sind, identifiziert werden kann.<\/p>\n<h4>b) betroffene Person<\/h4>\n<p>Betroffene Person ist jede identifizierte oder<br \/>\nidentifizierbare nat\u00fcrliche Person, deren personenbezogene Daten von dem f\u00fcr<br \/>\ndie Verarbeitung Verantwortlichen verarbeitet werden.<\/p>\n<h4>c) Verarbeitung<\/h4>\n<p>Verarbeitung ist jeder mit oder ohne Hilfe<br \/>\nautomatisierter Verfahren ausgef\u00fchrte Vorgang oder jede solche Vorgangsreihe im<br \/>\nZusammenhang mit personenbezogenen Daten wie das Erheben, das Erfassen, die<br \/>\nOrganisation, das Ordnen, die Speicherung, die Anpassung oder Ver\u00e4nderung, das<br \/>\nAuslesen, das Abfragen, die Verwendung, die Offenlegung durch \u00dcbermittlung,<br \/>\nVerbreitung oder eine andere Form der Bereitstellung, den Abgleich oder die<br \/>\nVerkn\u00fcpfung, die Einschr\u00e4nkung, das L\u00f6schen oder die Vernichtung.<\/p>\n<h4>d) Einschr\u00e4nkung der Verarbeitung<\/h4>\n<p>Einschr\u00e4nkung der Verarbeitung ist die Markierung<br \/>\ngespeicherter personenbezogener Daten mit dem Ziel, ihre k\u00fcnftige Verarbeitung<br \/>\neinzuschr\u00e4nken.<\/p>\n<h4>e) Profiling<\/h4>\n<p>Profiling ist jede Art der automatisierten<br \/>\nVerarbeitung personenbezogener Daten, die darin besteht, dass diese<br \/>\npersonenbezogenen Daten verwendet werden, um bestimmte pers\u00f6nliche Aspekte, die<br \/>\nsich auf eine nat\u00fcrliche Person beziehen, zu bewerten, insbesondere, um Aspekte<br \/>\nbez\u00fcglich Arbeitsleistung, wirtschaftlicher Lage, Gesundheit, pers\u00f6nlicher<br \/>\nVorlieben, Interessen, Zuverl\u00e4ssigkeit, Verhalten, Aufenthaltsort oder<br \/>\nOrtswechsel dieser nat\u00fcrlichen Person zu analysieren oder vorherzusagen.<\/p>\n<h4>f) Pseudonymisierung<\/h4>\n<p>Pseudonymisierung ist die Verarbeitung<br \/>\npersonenbezogener Daten in einer Weise, auf welche die personenbezogenen Daten<br \/>\nohne Hinzuziehung zus\u00e4tzlicher Informationen nicht mehr einer spezifischen<br \/>\nbetroffenen Person zugeordnet werden k\u00f6nnen, sofern diese zus\u00e4tzlichen<br \/>\nInformationen gesondert aufbewahrt werden und technischen und organisatorischen<br \/>\nMa\u00dfnahmen unterliegen, die gew\u00e4hrleisten, dass die personenbezogenen Daten<br \/>\nnicht einer identifizierten oder identifizierbaren nat\u00fcrlichen Person<br \/>\nzugewiesen werden.<\/p>\n<h4>g) Verantwortlicher oder f\u00fcr die Verarbeitung Verantwortlicher<\/h4>\n<p>Verantwortlicher oder f\u00fcr die Verarbeitung<br \/>\nVerantwortlicher ist die nat\u00fcrliche oder juristische Person, Beh\u00f6rde,<br \/>\nEinrichtung oder andere Stelle, die allein oder gemeinsam mit anderen \u00fcber die<br \/>\nZwecke und Mittel der Verarbeitung von personenbezogenen Daten entscheidet.<br \/>\nSind die Zwecke und Mittel dieser Verarbeitung durch das Unionsrecht oder das<br \/>\nRecht der Mitgliedstaaten vorgegeben, so kann der Verantwortliche<br \/>\nbeziehungsweise k\u00f6nnen die bestimmten Kriterien seiner Benennung nach dem<br \/>\nUnionsrecht oder dem Recht der Mitgliedstaaten vorgesehen werden.<\/p>\n<h4>h) Auftragsverarbeiter<\/h4>\n<p>Auftragsverarbeiter ist eine nat\u00fcrliche oder<br \/>\njuristische Person, Beh\u00f6rde, Einrichtung oder andere Stelle, die<br \/>\npersonenbezogene Daten im Auftrag des Verantwortlichen verarbeitet.<\/p>\n<h4>i) Empf\u00e4nger<\/h4>\n<p>Empf\u00e4nger ist eine nat\u00fcrliche oder juristische<br \/>\nPerson, Beh\u00f6rde, Einrichtung oder andere Stelle, der personenbezogene Daten<br \/>\noffengelegt werden, unabh\u00e4ngig davon, ob es sich bei ihr um einen Dritten<br \/>\nhandelt oder nicht. Beh\u00f6rden, die im Rahmen eines bestimmten<br \/>\nUntersuchungsauftrags nach dem Unionsrecht oder dem Recht der Mitgliedstaaten<br \/>\nm\u00f6glicherweise personenbezogene Daten erhalten, gelten jedoch nicht als Empf\u00e4nger.<\/p>\n<h4>j) Dritter<\/h4>\n<p>Dritter ist eine nat\u00fcrliche oder juristische<br \/>\nPerson, Beh\u00f6rde, Einrichtung oder andere Stelle au\u00dfer der betroffenen Person,<br \/>\ndem Verantwortlichen, dem Auftragsverarbeiter und den Personen, die unter der<br \/>\nunmittelbaren Verantwortung des Verantwortlichen oder des Auftragsverarbeiters<br \/>\nbefugt sind, die personenbezogenen Daten zu verarbeiten.<\/p>\n<h4>k) Einwilligung<\/h4>\n<p>Einwilligung ist jede von der betroffenen Person<br \/>\nfreiwillig f\u00fcr den bestimmten Fall in informierter Weise und unmissverst\u00e4ndlich<br \/>\nabgegebene Willensbekundung in Form einer Erkl\u00e4rung oder einer sonstigen<br \/>\neindeutigen best\u00e4tigenden Handlung, mit der die betroffene Person zu verstehen<br \/>\ngibt, dass sie mit der Verarbeitung der sie betreffenden personenbezogenen<br \/>\nDaten einverstanden ist.<\/p>\n<h3>2. Name und Anschrift des f\u00fcr die Verarbeitung Verantwortlichen<\/h3>\n<p>Verantwortlicher im Sinne der Datenschutz-Grundverordnung, sonstiger in den<br \/>\nMitgliedstaaten der Europ\u00e4ischen Union geltenden Datenschutzgesetze und anderer<br \/>\nBestimmungen mit datenschutzrechtlichem Charakter ist die:<\/p>\n<p>abraxas Software-Entwicklungsgesellschaft mbH<\/p>\n<p>Altenkesselerstr 17<\/p>\n<p>66115 Saarbr\u00fccken<\/p>\n<p>Deutschland<\/p>\n<p>Tel.: 0681 9761 850<\/p>\n<p>E-Mail: contact@abraxas.de<\/p>\n<p>Website:\u00a0<a href=\"http:\/\/www.abraxas.de\/\">www.abraxas.de<\/a><\/p>\n<h3>3. Datenschutzbeauftragter<\/h3>\n<p style=\"font-weight: 400;\">Den Datenschutzbeauftragten des f\u00fcr die Verarbeitung Verantwortlichen<br \/>\nerreichen Sie:<\/p>\n<p style=\"font-weight: 400;\">Datenschutzbeauftragter<\/p>\n<p style=\"font-weight: 400;\">abraxas Software-Entwicklungsgesellschaft mbH<\/p>\n<p style=\"font-weight: 400;\">Innovationsring 11<\/p>\n<p style=\"font-weight: 400;\">66115 Saarbr\u00fccken<\/p>\n<p style=\"font-weight: 400;\">Deutschland<\/p>\n<p style=\"font-weight: 400;\">Tel.: 0681 9761 850<\/p>\n<p style=\"font-weight: 400;\">E-Mail: datenschutz@abraxas.de<\/p>\n<p style=\"font-weight: 400;\">Website:\u00a0<a href=\"http:\/\/www.abraxas.de\/\">www.abraxas.de<\/a><\/p>\n<p style=\"font-weight: 400;\">Jede betroffene Person kann sich jederzeit bei allen Fragen und Anregungen<br \/>\nzum Datenschutz direkt an unseren Datenschutzbeauftragten wenden.<\/p>\n<h3>4. Cookies<\/h3>\n<p>Die Internetseiten der abraxas Software-Entwicklungsgesellschaft mbH verwenden Cookies. Cookies sind<br \/>\nTextdateien, welche \u00fcber einen Internetbrowser auf einem Computersystem<br \/>\nabgelegt und gespeichert werden.<\/p>\n<p>Zahlreiche Internetseiten und Server verwenden Cookies. Viele Cookies<br \/>\nenthalten eine sogenannte Cookie-ID. Eine Cookie-ID ist eine eindeutige Kennung<br \/>\ndes Cookies. Sie besteht aus einer Zeichenfolge, durch welche Internetseiten<br \/>\nund Server dem konkreten Internetbrowser zugeordnet werden k\u00f6nnen, in dem das<br \/>\nCookie gespeichert wurde. Dies erm\u00f6glicht es den besuchten Internetseiten und<br \/>\nServern, den individuellen Browser der betroffenen Person von anderen<br \/>\nInternetbrowsern, die andere Cookies enthalten, zu unterscheiden. Ein<br \/>\nbestimmter Internetbrowser kann \u00fcber die eindeutige Cookie-ID wiedererkannt und<br \/>\nidentifiziert werden.<\/p>\n<p>Durch den Einsatz von Cookies kann die abraxas Software-Entwicklungsgesellschaft mbH den Nutzern<br \/>\ndieser Internetseite nutzerfreundlichere Services bereitstellen, die ohne die<br \/>\nCookie-Setzung nicht m\u00f6glich w\u00e4ren.<\/p>\n<p>Mittels eines Cookies k\u00f6nnen die Informationen und Angebote auf unserer<br \/>\nInternetseite im Sinne des Benutzers optimiert werden. Cookies erm\u00f6glichen uns,<br \/>\nwie bereits erw\u00e4hnt, die Benutzer unserer Internetseite wiederzuerkennen. Zweck<br \/>\ndieser Wiedererkennung ist es, den Nutzern die Verwendung unserer Internetseite<br \/>\nzu erleichtern. Der Benutzer einer Internetseite, die Cookies verwendet, muss<br \/>\nbeispielsweise nicht bei jedem Besuch der Internetseite erneut seine<br \/>\nZugangsdaten eingeben, weil dies von der Internetseite und dem auf dem<br \/>\nComputersystem des Benutzers abgelegten Cookie \u00fcbernommen wird.<\/p>\n<p>Die betroffene Person kann die Setzung von Cookies durch unsere<br \/>\nInternetseite jederzeit mittels einer entsprechenden Einstellung des genutzten<br \/>\nInternetbrowsers verhindern und damit der Setzung von Cookies dauerhaft<br \/>\nwidersprechen. Ferner k\u00f6nnen bereits gesetzte Cookies jederzeit \u00fcber einen<br \/>\nInternetbrowser oder andere Softwareprogramme gel\u00f6scht werden. Dies ist in<br \/>\nallen g\u00e4ngigen Internetbrowsern m\u00f6glich. Deaktiviert die betroffene Person die<br \/>\nSetzung von Cookies in dem genutzten Internetbrowser, sind unter Umst\u00e4nden<br \/>\nnicht alle Funktionen unserer Internetseite vollumf\u00e4nglich nutzbar.<\/p>\n<h4>a) Reichweitenmessung &amp; Cookies<\/h4>\n<p>Diese Website verwendet Cookies zur pseudonymisierten Reichweitenmessung,<br \/>\ndie entweder von unserem Server oder dem Server Dritter an den Browser des<br \/>\nNutzers \u00fcbertragen werden. Bei Cookies handelt es sich um kleine Dateien,<br \/>\nwelche auf Ihrem Endger\u00e4t gespeichert werden. Ihr Browser greift auf diese<br \/>\nDateien zu. Durch den Einsatz von Cookies erh\u00f6ht sich die Benutzerfreundlichkeit<br \/>\nund Sicherheit dieser Website.<br \/>\nFalls Sie nicht m\u00f6chten, dass Cookies zur Reichweitenmessung auf Ihrem Endger\u00e4t<br \/>\ngespeichert werden, k\u00f6nnen Sie dem Einsatz dieser Dateien hier widersprechen:<\/p>\n<p>\u2022 Cookie-Deaktivierungsseite der Netzwerkwerbeinitiative: <a href=\"http:\/\/optout.networkadvertising.org\/?c=1#!\/\" target=\"_blank\" rel=\"noopener\">http:\/\/optout.networkadvertising.org\/?c=1#!\/<\/a><br \/>\n\u2022 Cookie-Deaktivierungsseite der US-amerikanischen Website: <a href=\"http:\/\/optout.aboutads.info\/?c=2#!\/\" target=\"_blank\" rel=\"noopener\">http:\/\/optout.aboutads.info\/?c=2#!\/<\/a><br \/>\n\u2022 Cookie-Deaktivierungsseite der europ\u00e4ischen Website: <a href=\"http:\/\/optout.networkadvertising.org\/?c=1#!\/\" target=\"_blank\" rel=\"noopener\">http:\/\/optout.networkadvertising.org\/?c=1#!\/<\/a><\/p>\n<p>G\u00e4ngige Browser bieten die Einstellungsoption, Cookies nicht zuzulassen.<\/p>\n<p>Hinweis: Es ist nicht gew\u00e4hrleistet, dass Sie auf alle Funktionen dieser Website<br \/>\nohne Einschr\u00e4nkungen zugreifen k\u00f6nnen, wenn Sie entsprechende Einstellungen vornehmen.<\/p>\n<h3>5. Erfassung von allgemeinen Daten und Informationen<\/h3>\n<p>Die Internetseite der abraxas Software-Entwicklungsgesellschaft mbH erfasst mit jedem Aufruf der<br \/>\nInternetseite durch eine betroffene Person oder ein automatisiertes System eine<br \/>\nReihe von allgemeinen Daten und Informationen. Diese allgemeinen Daten und<br \/>\nInformationen werden in den Logfiles des Servers gespeichert. Erfasst werden<br \/>\nk\u00f6nnen die (1) verwendeten Browsertypen und Versionen, (2) das vom zugreifenden<br \/>\nSystem verwendete Betriebssystem, (3) die Internetseite, von welcher ein<br \/>\nzugreifendes System auf unsere Internetseite gelangt (sogenannte Referrer), (4)<br \/>\ndie Unterwebseiten, welche \u00fcber ein zugreifendes System auf unserer<br \/>\nInternetseite angesteuert werden, (5) das Datum und die Uhrzeit eines Zugriffs<br \/>\nauf die Internetseite, (6) eine Internet-Protokoll-Adresse (IP-Adresse), (7)<br \/>\nder Internet-Service-Provider des zugreifenden Systems und (8) sonstige<br \/>\n\u00e4hnliche Daten und Informationen, die der Gefahrenabwehr im Falle von Angriffen<br \/>\nauf unsere informationstechnologischen Systeme dienen.<\/p>\n<p>Bei der Nutzung dieser allgemeinen Daten und Informationen zieht die abraxas Software-Entwicklungsgesellschaft mbH<\/p>\n<p>keine R\u00fcckschl\u00fcsse auf die betroffene Person. Diese Informationen<br \/>\nwerden vielmehr ben\u00f6tigt, um (1) die Inhalte unserer Internetseite korrekt<br \/>\nauszuliefern, (2) die Inhalte unserer Internetseite sowie die Werbung f\u00fcr diese<br \/>\nzu optimieren, (3) die dauerhafte Funktionsf\u00e4higkeit unserer<br \/>\ninformationstechnologischen Systeme und der Technik unserer Internetseite zu<br \/>\ngew\u00e4hrleisten sowie (4) um Strafverfolgungsbeh\u00f6rden im Falle eines<br \/>\nCyberangriffes die zur Strafverfolgung notwendigen Informationen<br \/>\nbereitzustellen. Diese anonym erhobenen Daten und Informationen werden durch<br \/>\ndie abraxas Software GmbH daher einerseits statistisch und ferner mit dem Ziel<br \/>\nausgewertet, den Datenschutz und die Datensicherheit in unserem Unternehmen zu<br \/>\nerh\u00f6hen, um letztlich ein optimales Schutzniveau f\u00fcr die von uns verarbeiteten<br \/>\npersonenbezogenen Daten sicherzustellen. Die anonymen Daten der Server-Logfiles<br \/>\nwerden getrennt von allen durch eine betroffene Person angegebenen<br \/>\npersonenbezogenen Daten gespeichert.<\/p>\n<h3>6. Registrierung auf unserer Internetseite<\/h3>\n<p>Die betroffene Person hat die M\u00f6glichkeit, sich auf der Internetseite des<br \/>\nf\u00fcr die Verarbeitung Verantwortlichen unter Angabe von personenbezogenen Daten<br \/>\nzu registrieren. Welche personenbezogenen Daten dabei an den f\u00fcr die<br \/>\nVerarbeitung Verantwortlichen \u00fcbermittelt werden, ergibt sich aus der<br \/>\njeweiligen Eingabemaske, die f\u00fcr die Registrierung verwendet wird. Die von der<br \/>\nbetroffenen Person eingegebenen personenbezogenen Daten werden ausschlie\u00dflich<br \/>\nf\u00fcr die interne Verwendung bei dem f\u00fcr die Verarbeitung Verantwortlichen und<br \/>\nf\u00fcr eigene Zwecke erhoben und gespeichert. Der f\u00fcr die Verarbeitung<br \/>\nVerantwortliche kann die Weitergabe an einen oder mehrere Auftragsverarbeiter,<br \/>\nbeispielsweise einen Paketdienstleister, veranlassen, der die personenbezogenen<br \/>\nDaten ebenfalls ausschlie\u00dflich f\u00fcr eine interne Verwendung, die dem f\u00fcr die Verarbeitung<br \/>\nVerantwortlichen zuzurechnen ist, nutzt.<\/p>\n<p>Durch eine Registrierung auf der Internetseite des f\u00fcr die Verarbeitung<br \/>\nVerantwortlichen wird ferner die vom Internet-Service-Provider (ISP) der<br \/>\nbetroffenen Person vergebene IP-Adresse, das Datum sowie die Uhrzeit der<br \/>\nRegistrierung gespeichert. Die Speicherung dieser Daten erfolgt vor dem<br \/>\nHintergrund, dass nur so der Missbrauch unserer Dienste verhindert werden kann,<br \/>\nund diese Daten im Bedarfsfall erm\u00f6glichen, begangene Straftaten aufzukl\u00e4ren.<br \/>\nInsofern ist die Speicherung dieser Daten zur Absicherung des f\u00fcr die<br \/>\nVerarbeitung Verantwortlichen erforderlich. Eine Weitergabe dieser Daten an<br \/>\nDritte erfolgt grunds\u00e4tzlich nicht, sofern keine gesetzliche Pflicht zur<br \/>\nWeitergabe besteht oder die Weitergabe der Strafverfolgung dient.<\/p>\n<p>Die Registrierung der betroffenen Person unter freiwilliger Angabe<br \/>\npersonenbezogener Daten dient dem f\u00fcr die Verarbeitung Verantwortlichen dazu,<br \/>\nder betroffenen Person Inhalte oder Leistungen anzubieten, die aufgrund der<br \/>\nNatur der Sache nur registrierten Benutzern angeboten werden k\u00f6nnen.<br \/>\nRegistrierten Personen steht die M\u00f6glichkeit frei, die bei der Registrierung<br \/>\nangegebenen personenbezogenen Daten jederzeit abzu\u00e4ndern oder vollst\u00e4ndig aus<br \/>\ndem Datenbestand des f\u00fcr die Verarbeitung Verantwortlichen l\u00f6schen zu lassen.<\/p>\n<p>Der f\u00fcr die Verarbeitung Verantwortliche erteilt jeder betroffenen Person<br \/>\njederzeit auf Anfrage Auskunft dar\u00fcber, welche personenbezogenen Daten \u00fcber die<br \/>\nbetroffene Person gespeichert sind. Ferner berichtigt oder l\u00f6scht der f\u00fcr die<br \/>\nVerarbeitung Verantwortliche personenbezogene Daten auf Wunsch oder Hinweis der<br \/>\nbetroffenen Person, soweit dem keine gesetzlichen Aufbewahrungspflichten<br \/>\nentgegenstehen. Die Gesamtheit der Mitarbeiter des f\u00fcr die Verarbeitung<br \/>\nVerantwortlichen stehen der betroffenen Person in diesem Zusammenhang als<br \/>\nAnsprechpartner zur Verf\u00fcgung.<\/p>\n<h3>9. Kontaktm\u00f6glichkeit \u00fcber die Internetseite<\/h3>\n<p>Die Internetseite der abraxas Software-Entwicklungsgesellschaft mbH enth\u00e4lt aufgrund von<br \/>\ngesetzlichen Vorschriften Angaben, die eine schnelle elektronische Kontaktaufnahme<br \/>\nzu unserem Unternehmen sowie eine unmittelbare Kommunikation mit uns<br \/>\nerm\u00f6glichen, was ebenfalls eine allgemeine Adresse der sogenannten<br \/>\nelektronischen Post (E-Mail-Adresse) umfasst. Sofern eine betroffene Person per<br \/>\nE-Mail oder \u00fcber ein Kontaktformular den Kontakt mit dem f\u00fcr die Verarbeitung<br \/>\nVerantwortlichen aufnimmt, werden die von der betroffenen Person \u00fcbermittelten<br \/>\npersonenbezogenen Daten automatisch gespeichert. Solche auf freiwilliger Basis<br \/>\nvon einer betroffenen Person an den f\u00fcr die Verarbeitung Verantwortlichen<br \/>\n\u00fcbermittelten personenbezogenen Daten werden f\u00fcr Zwecke der Bearbeitung oder<br \/>\nder Kontaktaufnahme zur betroffenen Person gespeichert. Es erfolgt keine<br \/>\nWeitergabe dieser personenbezogenen Daten an Dritte.<\/p>\n<h3>12. Routinem\u00e4\u00dfige L\u00f6schung und Sperrung von personenbezogenen Daten<\/h3>\n<p>Der f\u00fcr die Verarbeitung Verantwortliche verarbeitet und speichert<br \/>\npersonenbezogene Daten der betroffenen Person nur f\u00fcr den Zeitraum, der zur<br \/>\nErreichung des Speicherungszwecks erforderlich ist oder sofern dies durch den<br \/>\nEurop\u00e4ischen Richtlinien- und Verordnungsgeber oder einen anderen Gesetzgeber<br \/>\nin Gesetzen oder Vorschriften, welchen der f\u00fcr die Verarbeitung Verantwortliche<br \/>\nunterliegt, vorgesehen wurde.<\/p>\n<p>Entf\u00e4llt der Speicherungszweck oder l\u00e4uft eine vom Europ\u00e4ischen Richtlinien-<br \/>\nund Verordnungsgeber oder einem anderen zust\u00e4ndigen Gesetzgeber vorgeschriebene<br \/>\nSpeicherfrist ab, werden die personenbezogenen Daten routinem\u00e4\u00dfig und<br \/>\nentsprechend den gesetzlichen Vorschriften gesperrt oder gel\u00f6scht.<\/p>\n<h3>13. Rechte der betroffenen Person<\/h3>\n<h4>a) Recht auf Best\u00e4tigung<\/h4>\n<p>Jede betroffene Person hat das vom Europ\u00e4ischen<br \/>\nRichtlinien- und Verordnungsgeber einger\u00e4umte Recht, von dem f\u00fcr die<br \/>\nVerarbeitung Verantwortlichen eine Best\u00e4tigung dar\u00fcber zu verlangen, ob sie<br \/>\nbetreffende personenbezogene Daten verarbeitet werden. M\u00f6chte eine betroffene<br \/>\nPerson dieses Best\u00e4tigungsrecht in Anspruch nehmen, kann sie sich hierzu<br \/>\njederzeit an einen Mitarbeiter des f\u00fcr die Verarbeitung Verantwortlichen<br \/>\nwenden.<\/p>\n<h4>b) Recht auf Auskunft<\/h4>\n<p style=\"font-weight: 400;\">Jede von der Verarbeitung personenbezogener Daten<br \/>\nbetroffene Person hat das vom Europ\u00e4ischen Richtlinien- und Verordnungsgeber<br \/>\ngew\u00e4hrte Recht, jederzeit von dem f\u00fcr die Verarbeitung Verantwortlichen<br \/>\nunentgeltliche Auskunft \u00fcber die zu seiner Person gespeicherten<br \/>\npersonenbezogenen Daten und eine Kopie dieser Auskunft zu erhalten. Ferner hat<br \/>\nder Europ\u00e4ische Richtlinien- und Verordnungsgeber der betroffenen Person<br \/>\nAuskunft \u00fcber folgende Informationen zugestanden:<\/p>\n<ul style=\"font-weight: 400;\">\n<li style=\"list-style-type: none;\">\n<ul>\n<li>die Verarbeitungszwecke<\/li>\n<li>die Kategorien personenbezogener Daten, die verarbeitet<br \/>\nwerden<\/li>\n<li>die Empf\u00e4nger oder Kategorien von Empf\u00e4ngern, gegen\u00fcber<br \/>\ndenen die personenbezogenen Daten offengelegt worden sind oder noch<br \/>\noffengelegt werden, insbesondere bei Empf\u00e4ngern in Drittl\u00e4ndern oder bei<br \/>\ninternationalen Organisationen<\/li>\n<li>falls m\u00f6glich die geplante Dauer, f\u00fcr die die<br \/>\npersonenbezogenen Daten gespeichert werden, oder, falls dies nicht<br \/>\nm\u00f6glich ist, die Kriterien f\u00fcr die Festlegung dieser Dauer<\/li>\n<li>das Bestehen eines Rechts auf Berichtigung oder L\u00f6schung<br \/>\nder sie betreffenden personenbezogenen Daten oder auf Einschr\u00e4nkung der<br \/>\nVerarbeitung durch den Verantwortlichen oder eines Widerspruchsrechts<br \/>\ngegen diese Verarbeitung<\/li>\n<li>das Bestehen eines Beschwerderechts bei einer<br \/>\nAufsichtsbeh\u00f6rde<\/li>\n<li>wenn die personenbezogenen Daten nicht bei der<br \/>\nbetroffenen Person erhoben werden: Alle verf\u00fcgbaren Informationen \u00fcber<br \/>\ndie Herkunft der Daten<\/li>\n<li>das Bestehen einer automatisierten Entscheidungsfindung<br \/>\neinschlie\u00dflich Profiling gem\u00e4\u00df Artikel 22 Abs.1 und 4 DS-GVO und \u2014<br \/>\nzumindest in diesen F\u00e4llen \u2014 aussagekr\u00e4ftige Informationen \u00fcber die<br \/>\ninvolvierte Logik sowie die Tragweite und die angestrebten Auswirkungen<br \/>\neiner derartigen Verarbeitung f\u00fcr die betroffene Person<\/li>\n<\/ul>\n<\/li>\n<\/ul>\n<p style=\"font-weight: 400;\">Ferner steht der betroffenen Person ein<br \/>\nAuskunftsrecht dar\u00fcber zu, ob personenbezogene Daten an ein Drittland oder an<br \/>\neine internationale Organisation \u00fcbermittelt wurden. Sofern dies der Fall ist,<br \/>\nso steht der betroffenen Person im \u00dcbrigen das Recht zu, Auskunft \u00fcber die<br \/>\ngeeigneten Garantien im Zusammenhang mit der \u00dcbermittlung zu erhalten.<\/p>\n<p style=\"font-weight: 400;\">M\u00f6chte eine betroffene Person dieses<br \/>\nAuskunftsrecht in Anspruch nehmen, kann sie sich hierzu jederzeit an einen<br \/>\nMitarbeiter des f\u00fcr die Verarbeitung Verantwortlichen wenden.<\/p>\n<h4>c) Recht auf Berichtigung<\/h4>\n<p>Jede von der Verarbeitung personenbezogener Daten<br \/>\nbetroffene Person hat das vom Europ\u00e4ischen Richtlinien- und Verordnungsgeber<br \/>\ngew\u00e4hrte Recht, die unverz\u00fcgliche Berichtigung sie betreffender unrichtiger<br \/>\npersonenbezogener Daten zu verlangen. Ferner steht der betroffenen Person das<br \/>\nRecht zu, unter Ber\u00fccksichtigung der Zwecke der Verarbeitung, die Vervollst\u00e4ndigung<br \/>\nunvollst\u00e4ndiger personenbezogener Daten \u2014 auch mittels einer erg\u00e4nzenden<br \/>\nErkl\u00e4rung \u2014 zu verlangen.<\/p>\n<p>M\u00f6chte eine betroffene Person dieses<br \/>\nBerichtigungsrecht in Anspruch nehmen, kann sie sich hierzu jederzeit an einen<br \/>\nMitarbeiter des f\u00fcr die Verarbeitung Verantwortlichen wenden.<\/p>\n<h4>d) Recht auf L\u00f6schung (Recht auf Vergessen werden)<\/h4>\n<p style=\"font-weight: 400;\">Jede von der Verarbeitung personenbezogener Daten<br \/>\nbetroffene Person hat das vom Europ\u00e4ischen Richtlinien- und Verordnungsgeber<br \/>\ngew\u00e4hrte Recht, von dem Verantwortlichen zu verlangen, dass die sie<br \/>\nbetreffenden personenbezogenen Daten unverz\u00fcglich gel\u00f6scht werden, sofern einer<br \/>\nder folgenden Gr\u00fcnde zutrifft und soweit die Verarbeitung nicht erforderlich<br \/>\nist:<\/p>\n<ul style=\"font-weight: 400;\">\n<li style=\"list-style-type: none;\">\n<ul>\n<li>Die personenbezogenen Daten wurden f\u00fcr solche Zwecke<br \/>\nerhoben oder auf sonstige Weise verarbeitet, f\u00fcr welche sie nicht mehr<br \/>\nnotwendig sind.<\/li>\n<li>Die betroffene Person widerruft ihre Einwilligung, auf<br \/>\ndie sich die Verarbeitung gem\u00e4\u00df Art. 6 Abs. 1 Buchstabe a DS-GVO oder<br \/>\nArt. 9 Abs. 2 Buchstabe a DS-GVO st\u00fctzte, und es fehlt an einer<br \/>\nanderweitigen Rechtsgrundlage f\u00fcr die Verarbeitung.<\/li>\n<li>Die betroffene Person legt gem\u00e4\u00df Art. 21 Abs. 1 DS-GVO<br \/>\nWiderspruch gegen die Verarbeitung ein, und es liegen keine vorrangigen<br \/>\nberechtigten Gr\u00fcnde f\u00fcr die Verarbeitung vor, oder die betroffene Person<br \/>\nlegt gem\u00e4\u00df Art. 21 Abs. 2 DS-GVO Widerspruch gegen die Verarbeitung ein.<\/li>\n<li>Die personenbezogenen Daten wurden unrechtm\u00e4\u00dfig<br \/>\nverarbeitet.<\/li>\n<li>Die L\u00f6schung der personenbezogenen Daten ist zur<br \/>\nErf\u00fcllung einer rechtlichen Verpflichtung nach dem Unionsrecht oder dem<br \/>\nRecht der Mitgliedstaaten erforderlich, dem der Verantwortliche<br \/>\nunterliegt.<\/li>\n<li>Die personenbezogenen Daten wurden in Bezug auf<br \/>\nangebotene Dienste der Informationsgesellschaft gem\u00e4\u00df Art. 8 Abs. 1<br \/>\nDS-GVO erhoben.<\/li>\n<\/ul>\n<\/li>\n<\/ul>\n<p style=\"font-weight: 400;\">Sofern einer der oben genannten Gr\u00fcnde zutrifft<br \/>\nund eine betroffene Person die L\u00f6schung von personenbezogenen Daten, die bei<br \/>\nder abraxas Software-Entwicklungsgesellschaft mbH gespeichert sind, veranlassen m\u00f6chte, kann sie sich<br \/>\nhierzu jederzeit an einen Mitarbeiter des f\u00fcr die Verarbeitung Verantwortlichen<br \/>\nwenden. Der Mitarbeiter der abraxas Software-Entwicklungsgesellschaft mbH wird veranlassen, dass dem<br \/>\nL\u00f6schverlangen unverz\u00fcglich nachgekommen wird.<\/p>\n<p style=\"font-weight: 400;\">Wurden die personenbezogenen Daten von der<br \/>\nabraxas Software-Entwicklungsgesellschaft mbH \u00f6ffentlich gemacht und ist unser Unternehmen als<br \/>\nVerantwortlicher gem\u00e4\u00df Art. 17 Abs. 1 DS-GVO zur L\u00f6schung der personenbezogenen<br \/>\nDaten verpflichtet, so trifft die abraxas Software-Entwicklungsgesellschaft mbH unter Ber\u00fccksichtigung<br \/>\nder verf\u00fcgbaren Technologie und der Implementierungskosten angemessene<br \/>\nMa\u00dfnahmen, auch technischer Art, um andere f\u00fcr die Datenverarbeitung<br \/>\nVerantwortliche, welche die ver\u00f6ffentlichten personenbezogenen Daten<br \/>\nverarbeiten, dar\u00fcber in Kenntnis zu setzen, dass die betroffene Person von<br \/>\ndiesen anderen f\u00fcr die Datenverarbeitung Verantwortlichen die L\u00f6schung<br \/>\ns\u00e4mtlicher Links zu diesen personenbezogenen Daten oder von Kopien oder<br \/>\nReplikationen dieser personenbezogenen Daten verlangt hat, soweit die<br \/>\nVerarbeitung nicht erforderlich ist. Der Mitarbeiter der abraxas Software-Entwicklungsgesellschaft mbH<br \/>\nwird im Einzelfall das Notwendige veranlassen.<\/p>\n<h4>e) Recht auf Einschr\u00e4nkung der Verarbeitung<\/h4>\n<p style=\"font-weight: 400;\">Jede von der Verarbeitung personenbezogener Daten<br \/>\nbetroffene Person hat das vom Europ\u00e4ischen Richtlinien- und Verordnungsgeber<br \/>\ngew\u00e4hrte Recht, von dem Verantwortlichen die Einschr\u00e4nkung der Verarbeitung zu<br \/>\nverlangen, wenn eine der folgenden Voraussetzungen gegeben ist:<\/p>\n<ul style=\"font-weight: 400;\">\n<li style=\"list-style-type: none;\">\n<ul>\n<li>Die Richtigkeit der personenbezogenen Daten wird von der<br \/>\nbetroffenen Person bestritten, und zwar f\u00fcr eine Dauer, die es dem<br \/>\nVerantwortlichen erm\u00f6glicht, die Richtigkeit der personenbezogenen Daten<br \/>\nzu \u00fcberpr\u00fcfen.<\/li>\n<li>Die Verarbeitung ist unrechtm\u00e4\u00dfig, die betroffene Person<br \/>\nlehnt die L\u00f6schung der personenbezogenen Daten ab und verlangt<br \/>\nstattdessen die Einschr\u00e4nkung der Nutzung der personenbezogenen Daten.<\/li>\n<li>Der Verantwortliche ben\u00f6tigt die personenbezogenen Daten<br \/>\nf\u00fcr die Zwecke der Verarbeitung nicht l\u00e4nger, die betroffene Person<br \/>\nben\u00f6tigt sie jedoch zur Geltendmachung, Aus\u00fcbung oder Verteidigung von<br \/>\nRechtsanspr\u00fcchen.<\/li>\n<li>Die betroffene Person hat Widerspruch gegen die<br \/>\nVerarbeitung gem. Art. 21 Abs. 1 DS-GVO eingelegt und es steht noch nicht<br \/>\nfest, ob die berechtigten Gr\u00fcnde des Verantwortlichen gegen\u00fcber denen der<br \/>\nbetroffenen Person \u00fcberwiegen.<\/li>\n<\/ul>\n<\/li>\n<\/ul>\n<p style=\"font-weight: 400;\">Sofern eine der oben genannten Voraussetzungen<br \/>\ngegeben ist und eine betroffene Person die Einschr\u00e4nkung von personenbezogenen<br \/>\nDaten, die bei der abraxas Software-Entwicklungsgesellschaft mbH gespeichert sind, verlangen m\u00f6chte,<br \/>\nkann sie sich hierzu jederzeit an einen Mitarbeiter des f\u00fcr die Verarbeitung<br \/>\nVerantwortlichen wenden. Der Mitarbeiter der abraxas Software-Entwicklungsgesellschaft mbH wird die<br \/>\nEinschr\u00e4nkung der Verarbeitung veranlassen.<\/p>\n<h4>f) Recht auf Daten\u00fcbertragbarkeit<\/h4>\n<p>Jede von der Verarbeitung personenbezogener Daten<br \/>\nbetroffene Person hat das vom Europ\u00e4ischen Richtlinien- und Verordnungsgeber<br \/>\ngew\u00e4hrte Recht, die sie betreffenden personenbezogenen Daten, welche durch die<br \/>\nbetroffene Person einem Verantwortlichen bereitgestellt wurden, in einem<br \/>\nstrukturierten, g\u00e4ngigen und maschinenlesbaren Format zu erhalten. Sie hat<br \/>\nau\u00dferdem das Recht, diese Daten einem anderen Verantwortlichen ohne Behinderung<br \/>\ndurch den Verantwortlichen, dem die personenbezogenen Daten bereitgestellt<br \/>\nwurden, zu \u00fcbermitteln, sofern die Verarbeitung auf der Einwilligung gem\u00e4\u00df Art.<br \/>\n6 Abs. 1 Buchstabe a DS-GVO oder Art. 9 Abs. 2 Buchstabe a DS-GVO oder auf<br \/>\neinem Vertrag gem\u00e4\u00df Art. 6 Abs. 1 Buchstabe b DS-GVO beruht und die Verarbeitung<br \/>\nmithilfe automatisierter Verfahren erfolgt, sofern die Verarbeitung nicht f\u00fcr<br \/>\ndie Wahrnehmung einer Aufgabe erforderlich ist, die im \u00f6ffentlichen Interesse<br \/>\nliegt oder in Aus\u00fcbung \u00f6ffentlicher Gewalt erfolgt, welche dem Verantwortlichen<br \/>\n\u00fcbertragen wurde.<\/p>\n<p>Ferner hat die betroffene Person bei der Aus\u00fcbung<br \/>\nihres Rechts auf Daten\u00fcbertragbarkeit gem\u00e4\u00df Art. 20 Abs. 1 DS-GVO das Recht, zu<br \/>\nerwirken, dass die personenbezogenen Daten direkt von einem Verantwortlichen an<br \/>\neinen anderen Verantwortlichen \u00fcbermittelt werden, soweit dies technisch<br \/>\nmachbar ist und sofern hiervon nicht die Rechte und Freiheiten anderer Personen<br \/>\nbeeintr\u00e4chtigt werden.<\/p>\n<p>Zur Geltendmachung des Rechts auf<br \/>\nDaten\u00fcbertragbarkeit kann sich die betroffene Person jederzeit an einen<br \/>\nMitarbeiter der abraxas Software-Entwicklungsgesellschaft mbH wenden.<\/p>\n<h4>g) Recht auf Widerspruch<\/h4>\n<p>Jede von der Verarbeitung personenbezogener Daten<br \/>\nbetroffene Person hat das vom Europ\u00e4ischen Richtlinien- und Verordnungsgeber<br \/>\ngew\u00e4hrte Recht, aus Gr\u00fcnden, die sich aus ihrer besonderen Situation ergeben,<br \/>\njederzeit gegen die Verarbeitung sie betreffender personenbezogener Daten, die<br \/>\naufgrund von Art. 6 Abs. 1 Buchstaben e oder f DS-GVO erfolgt, Widerspruch<br \/>\neinzulegen. Dies gilt auch f\u00fcr ein auf diese Bestimmungen gest\u00fctztes Profiling.<\/p>\n<p>Die abraxas Software-Entwicklungsgesellschaft mbH verarbeitet die<br \/>\npersonenbezogenen Daten im Falle des Widerspruchs nicht mehr, es sei denn, wir<br \/>\nk\u00f6nnen zwingende schutzw\u00fcrdige Gr\u00fcnde f\u00fcr die Verarbeitung nachweisen, die den<br \/>\nInteressen, Rechten und Freiheiten der betroffenen Person \u00fcberwiegen, oder die<br \/>\nVerarbeitung dient der Geltendmachung, Aus\u00fcbung oder Verteidigung von<br \/>\nRechtsanspr\u00fcchen.<\/p>\n<p>Verarbeitet die abraxas Software-Entwicklungsgesellschaft mbH<br \/>\npersonenbezogene Daten, um Direktwerbung zu betreiben, so hat die betroffene<br \/>\nPerson das Recht, jederzeit Widerspruch gegen die Verarbeitung der<br \/>\npersonenbezogenen Daten zum Zwecke derartiger Werbung einzulegen. Dies gilt<br \/>\nauch f\u00fcr das Profiling, soweit es mit solcher Direktwerbung in Verbindung<br \/>\nsteht. Widerspricht die betroffene Person gegen\u00fcber der abraxas Software-Entwicklungsgesellschaft mbH<br \/>\nder Verarbeitung f\u00fcr Zwecke der Direktwerbung, so wird die abraxas Software-Entwicklungsgesellschaft mbH\u00a0die personenbezogenen Daten nicht mehr f\u00fcr diese Zwecke verarbeiten.<\/p>\n<p>Zudem hat die betroffene Person das Recht, aus<br \/>\nGr\u00fcnden, die sich aus ihrer besonderen Situation ergeben, gegen die sie<br \/>\nbetreffende Verarbeitung personenbezogener Daten, die bei der abraxas Software-Entwicklungsgesellschaft mbH \u00a0zu wissenschaftlichen oder historischen Forschungszwecken oder zu<br \/>\nstatistischen Zwecken gem\u00e4\u00df Art. 89 Abs. 1 DS-GVO erfolgen, Widerspruch<br \/>\neinzulegen, es sei denn, eine solche Verarbeitung ist zur Erf\u00fcllung einer im<br \/>\n\u00f6ffentlichen Interesse liegenden Aufgabe erforderlich.<\/p>\n<p>Zur Aus\u00fcbung des Rechts auf Widerspruch kann sich<br \/>\ndie betroffene Person direkt jeden Mitarbeiter der abraxas Software-Entwicklungsgesellschaft mbH oder<br \/>\neinen anderen Mitarbeiter wenden. Der betroffenen Person steht es ferner frei,<br \/>\nim Zusammenhang mit der Nutzung von Diensten der Informationsgesellschaft,<br \/>\nungeachtet der Richtlinie 2002\/58\/EG, ihr Widerspruchsrecht mittels<br \/>\nautomatisierter Verfahren auszu\u00fcben, bei denen technische Spezifikationen<br \/>\nverwendet werden.<\/p>\n<h4>h) Automatisierte Entscheidungen im Einzelfall einschlie\u00dflich<br \/>\nProfiling<\/h4>\n<p>Jede von der Verarbeitung personenbezogener Daten<br \/>\nbetroffene Person hat das vom Europ\u00e4ischen Richtlinien- und Verordnungsgeber<br \/>\ngew\u00e4hrte Recht, nicht einer ausschlie\u00dflich auf einer automatisierten<br \/>\nVerarbeitung \u2014 einschlie\u00dflich Profiling \u2014 beruhenden Entscheidung unterworfen<br \/>\nzu werden, die ihr gegen\u00fcber rechtliche Wirkung entfaltet oder sie in \u00e4hnlicher<br \/>\nWeise erheblich beeintr\u00e4chtigt, sofern die Entscheidung (1) nicht f\u00fcr den<br \/>\nAbschluss oder die Erf\u00fcllung eines Vertrags zwischen der betroffenen Person und<br \/>\ndem Verantwortlichen erforderlich ist, oder (2) aufgrund von Rechtsvorschriften<br \/>\nder Union oder der Mitgliedstaaten, denen der Verantwortliche unterliegt,<br \/>\nzul\u00e4ssig ist und diese Rechtsvorschriften angemessene Ma\u00dfnahmen zur Wahrung der<br \/>\nRechte und Freiheiten sowie der berechtigten Interessen der betroffenen Person<br \/>\nenthalten oder (3) mit ausdr\u00fccklicher Einwilligung der betroffenen Person<br \/>\nerfolgt.<\/p>\n<p>Ist die Entscheidung (1) f\u00fcr den Abschluss oder<br \/>\ndie Erf\u00fcllung eines Vertrags zwischen der betroffenen Person und dem<br \/>\nVerantwortlichen erforderlich oder (2) erfolgt sie mit ausdr\u00fccklicher<br \/>\nEinwilligung der betroffenen Person, trifft die abraxas Software-Entwicklungsgesellschaft mbH angemessene<br \/>\nMa\u00dfnahmen, um die Rechte und Freiheiten sowie die berechtigten Interessen der<br \/>\nbetroffenen Person zu wahren, wozu mindestens das Recht auf Erwirkung des<br \/>\nEingreifens einer Person seitens des Verantwortlichen, auf Darlegung des<br \/>\neigenen Standpunkts und auf Anfechtung der Entscheidung geh\u00f6rt.<\/p>\n<p>M\u00f6chte die betroffene Person Rechte mit Bezug auf<br \/>\nautomatisierte Entscheidungen geltend machen, kann sie sich hierzu jederzeit an<br \/>\neinen Mitarbeiter des f\u00fcr die Verarbeitung Verantwortlichen wenden.<\/p>\n<h4>i) Recht auf Widerruf einer datenschutzrechtlichen Einwilligung<\/h4>\n<p>Jede von der Verarbeitung personenbezogener Daten<br \/>\nbetroffene Person hat das vom Europ\u00e4ischen Richtlinien- und Verordnungsgeber<br \/>\ngew\u00e4hrte Recht, eine Einwilligung zur Verarbeitung personenbezogener Daten<br \/>\njederzeit zu widerrufen.<\/p>\n<p>M\u00f6chte die betroffene Person ihr Recht auf<br \/>\nWiderruf einer Einwilligung geltend machen, kann sie sich hierzu jederzeit an<br \/>\neinen Mitarbeiter des f\u00fcr die Verarbeitung Verantwortlichen wenden.<\/p>\n<h3>14. Datenschutz bei Bewerbungen und im Bewerbungsverfahren<\/h3>\n<p>Der f\u00fcr die Verarbeitung Verantwortliche erhebt und verarbeitet die<br \/>\npersonenbezogenen Daten von Bewerbern zum Zwecke der Abwicklung des<br \/>\nBewerbungsverfahrens. Die Verarbeitung kann auch auf elektronischem Wege<br \/>\nerfolgen. Dies ist insbesondere dann der Fall, wenn ein Bewerber entsprechende<br \/>\nBewerbungsunterlagen auf dem elektronischen Wege, beispielsweise per E-Mail<br \/>\noder \u00fcber ein auf der Internetseite befindliches Webformular, an den f\u00fcr die<br \/>\nVerarbeitung Verantwortlichen \u00fcbermittelt. Schlie\u00dft der f\u00fcr die Verarbeitung<br \/>\nVerantwortliche einen Anstellungsvertrag mit einem Bewerber, werden die<br \/>\n\u00fcbermittelten Daten zum Zwecke der Abwicklung des Besch\u00e4ftigungsverh\u00e4ltnisses<br \/>\nunter Beachtung der gesetzlichen Vorschriften gespeichert. Wird von dem f\u00fcr die<br \/>\nVerarbeitung Verantwortlichen kein Anstellungsvertrag mit dem Bewerber<br \/>\ngeschlossen, so werden die Bewerbungsunterlagen zwei Monate nach Bekanntgabe<br \/>\nder Absageentscheidung automatisch gel\u00f6scht, sofern einer L\u00f6schung keine<br \/>\nsonstigen berechtigten Interessen des f\u00fcr die Verarbeitung Verantwortlichen<br \/>\nentgegenstehen. Sonstiges berechtigtes Interesse in diesem Sinne ist<br \/>\nbeispielsweise eine Beweispflicht in einem Verfahren nach dem Allgemeinen<br \/>\nGleichbehandlungsgesetz (AGG).<\/p>\n<h3>15. Rechtsgrundlage der Verarbeitung<\/h3>\n<p>Art. 6 I lit. a DS-GVO dient unserem Unternehmen als Rechtsgrundlage f\u00fcr<br \/>\nVerarbeitungsvorg\u00e4nge, bei denen wir eine Einwilligung f\u00fcr einen bestimmten<br \/>\nVerarbeitungszweck einholen. Ist die Verarbeitung personenbezogener Daten zur<br \/>\nErf\u00fcllung eines Vertrags, dessen Vertragspartei die betroffene Person ist,<br \/>\nerforderlich, wie dies beispielsweise bei Verarbeitungsvorg\u00e4ngen der Fall ist,<br \/>\ndie f\u00fcr eine Lieferung von Waren oder die Erbringung einer sonstigen Leistung<br \/>\noder Gegenleistung notwendig sind, so beruht die Verarbeitung auf Art. 6 I lit.<br \/>\nb DS-GVO. Gleiches gilt f\u00fcr solche Verarbeitungsvorg\u00e4nge die zur Durchf\u00fchrung<br \/>\nvorvertraglicher Ma\u00dfnahmen erforderlich sind, etwa in F\u00e4llen von Anfragen zur<br \/>\nunseren Produkten oder Leistungen. Unterliegt unser Unternehmen einer<br \/>\nrechtlichen Verpflichtung durch welche eine Verarbeitung von personenbezogenen<br \/>\nDaten erforderlich wird, wie beispielsweise zur Erf\u00fcllung steuerlicher<br \/>\nPflichten, so basiert die Verarbeitung auf Art. 6 I lit. c DS-GVO. In seltenen<br \/>\nF\u00e4llen k\u00f6nnte die Verarbeitung von personenbezogenen Daten erforderlich werden,<br \/>\num lebenswichtige Interessen der betroffenen Person oder einer anderen<br \/>\nnat\u00fcrlichen Person zu sch\u00fctzen. Dies w\u00e4re beispielsweise der Fall, wenn ein<br \/>\nBesucher in unserem Betrieb verletzt werden w\u00fcrde und daraufhin sein Name, sein<br \/>\nAlter, seine Krankenkassendaten oder sonstige lebenswichtige Informationen an<br \/>\neinen Arzt, ein Krankenhaus oder sonstige Dritte weitergegeben werden m\u00fcssten.<br \/>\nDann w\u00fcrde die Verarbeitung auf Art. 6 I lit. d DS-GVO beruhen. Letztlich<br \/>\nk\u00f6nnten Verarbeitungsvorg\u00e4nge auf Art. 6 I lit. f DS-GVO beruhen. Auf dieser<br \/>\nRechtsgrundlage basieren Verarbeitungsvorg\u00e4nge, die von keiner der vorgenannten<br \/>\nRechtsgrundlagen erfasst werden, wenn die Verarbeitung zur Wahrung eines<br \/>\nberechtigten Interesses unseres Unternehmens oder eines Dritten erforderlich<br \/>\nist, sofern die Interessen, Grundrechte und Grundfreiheiten des Betroffenen<br \/>\nnicht \u00fcberwiegen. Solche Verarbeitungsvorg\u00e4nge sind uns insbesondere deshalb<br \/>\ngestattet, weil sie durch den Europ\u00e4ischen Gesetzgeber besonders erw\u00e4hnt wurden.<br \/>\nEr vertrat insoweit die Auffassung, dass ein berechtigtes Interesse anzunehmen<br \/>\nsein k\u00f6nnte, wenn die betroffene Person ein Kunde des Verantwortlichen ist<br \/>\n(Erw\u00e4gungsgrund 47 Satz 2 DS-GVO).<\/p>\n<h3>16. Berechtigte Interessen an der Verarbeitung, die von dem Verantwortlichen<br \/>\noder einem Dritten verfolgt werden<\/h3>\n<p>Basiert die Verarbeitung personenbezogener Daten auf Artikel 6 I lit. f<br \/>\nDS-GVO ist unser berechtigtes Interesse die Durchf\u00fchrung unserer<br \/>\nGesch\u00e4ftst\u00e4tigkeit zugunsten des Wohlergehens all unserer Mitarbeiter und<br \/>\nunserer Anteilseigner.<\/p>\n<h3>17. Dauer, f\u00fcr die die personenbezogenen Daten gespeichert werden<\/h3>\n<p>Das Kriterium f\u00fcr die Dauer der Speicherung von personenbezogenen Daten ist<br \/>\ndie jeweilige gesetzliche Aufbewahrungsfrist. Nach Ablauf der Frist werden die<br \/>\nentsprechenden Daten routinem\u00e4\u00dfig gel\u00f6scht, sofern sie nicht mehr zur<br \/>\nVertragserf\u00fcllung oder Vertragsanbahnung erforderlich sind.<\/p>\n<h3>18. Gesetzliche oder vertragliche Vorschriften zur Bereitstellung der<br \/>\npersonenbezogenen Daten; Erforderlichkeit f\u00fcr den Vertragsabschluss;<br \/>\nVerpflichtung der betroffenen Person, die personenbezogenen Daten<br \/>\nbereitzustellen; m\u00f6gliche Folgen der Nichtbereitstellung<\/h3>\n<p>Wir kl\u00e4ren Sie dar\u00fcber auf, dass die Bereitstellung personenbezogener Daten<br \/>\nzum Teil gesetzlich vorgeschrieben ist (z.B. Steuervorschriften) oder sich auch<br \/>\naus vertraglichen Regelungen (z.B. Angaben zum Vertragspartner) ergeben kann.<br \/>\nMitunter kann es zu einem Vertragsschluss erforderlich sein, dass eine<br \/>\nbetroffene Person uns personenbezogene Daten zur Verf\u00fcgung stellt, die in der<br \/>\nFolge durch uns verarbeitet werden m\u00fcssen. Die betroffene Person ist<br \/>\nbeispielsweise verpflichtet uns personenbezogene Daten bereitzustellen, wenn<br \/>\nunser Unternehmen mit ihr einen Vertrag abschlie\u00dft. Eine Nichtbereitstellung<br \/>\nder personenbezogenen Daten h\u00e4tte zur Folge, dass der Vertrag mit dem<br \/>\nBetroffenen nicht geschlossen werden k\u00f6nnte. Vor einer Bereitstellung<br \/>\npersonenbezogener Daten durch den Betroffenen muss sich der Betroffene an einen<br \/>\nunserer Mitarbeiter wenden. Unser Mitarbeiter kl\u00e4rt den Betroffenen<br \/>\neinzelfallbezogen dar\u00fcber auf, ob die Bereitstellung der personenbezogenen<br \/>\nDaten gesetzlich oder vertraglich vorgeschrieben oder f\u00fcr den Vertragsabschluss<br \/>\nerforderlich ist, ob eine Verpflichtung besteht, die personenbezogenen Daten<br \/>\nbereitzustellen, und welche Folgen die Nichtbereitstellung der<br \/>\npersonenbezogenen Daten h\u00e4tte.<\/p>\n<h3>19. Bestehen einer automatisierten Entscheidungsfindung<\/h3>\n<p>Als verantwortungsbewusstes Unternehmen verzichten wir auf eine automatische<br \/>\nEntscheidungsfindung oder ein Profiling.<\/p>\n<h3>20. Google Analytics<\/h3>\n<p>Diese Website nutzt aufgrund unserer berechtigten Interessen zur Optimierung und Analyse<br \/>\nunseres Online-Angebots im Sinne des Art. 6 Abs. 1 lit. f. DSGVO den Dienst \u201eGoogle Analytics\u201c,<br \/>\nwelcher von der Google Inc. (1600 Amphitheatre Parkway Mountain View, CA 94043, USA) angeboten wird.<br \/>\nDer Dienst (Google Analytics) verwendet \u201eCookies\u201c \u2013 Textdateien, welche auf Ihrem<br \/>\nEndger\u00e4t gespeichert werden. Die durch die Cookies gesammelten Informationen werden<br \/>\nim Regelfall an einen Google-Server in den USA gesandt und dort gespeichert.<\/p>\n<p>Google LLC h\u00e4lt das europ\u00e4ische Datenschutzrecht ein und ist unter dem Privacy-Shield-Abkommen<br \/>\nzertifiziert: <a href=\"https:\/\/www.privacyshield.gov\/participant?id=a2zt000000001L5AAI&amp;status=Active\" target=\"_blank\" rel=\"noopener\">https:\/\/www.privacyshield.gov\/participant?id=a2zt000000001L5AAI&amp;status=Active<\/a><\/p>\n<p>Auf dieser Website greift die IP-Anonymisierung. Die IP-Adresse der Nutzer wird innerhalb<br \/>\nder Mitgliedsstaaten der EU und des Europ\u00e4ischen Wirtschaftsraum und in den anderen Vertragsstaaten<br \/>\ndes Abkommens gek\u00fcrzt. Nur in Einzelf\u00e4llen wird die IP-Adresse zun\u00e4chst ungek\u00fcrzt in die USA<br \/>\nan einen Server von Google \u00fcbertragen und dort gek\u00fcrzt. Durch diese K\u00fcrzung entf\u00e4llt der<br \/>\nPersonenbezug Ihrer IP-Adresse. Die vom Browser \u00fcbermittelte IP-Adresse des Nutzers wird<br \/>\nnicht mit anderen von Google gespeicherten Daten kombiniert.<\/p>\n<p>Im Rahmen der Vereinbarung zur Auftragsdatenvereinbarung, welche wir als Websitebetreiber<br \/>\nmit der Google Inc. geschlossen haben, erstellt diese mithilfe der gesammelten Informationen<br \/>\neine Auswertung der Websitenutzung und der Websiteaktivit\u00e4t und erbringt mit der Internetnutzung<br \/>\nverbundene Dienstleistungen.<\/p>\n<p>Die von Google in unserem Auftrag erhobenen Daten werden genutzt, um die Nutzung unseres<br \/>\nOnline-Angebots durch die einzelnen Nutzer auswerten zu k\u00f6nnen, z. B. um Reports \u00fcber die<br \/>\nAktivit\u00e4t auf der Website zu erstellen, um unser Online-Angebot zu verbessern.<\/p>\n<p>Sie haben die M\u00f6glichkeit, die Speicherung der Cookies auf Ihrem Ger\u00e4t zu verhindern, indem<br \/>\nSie in Ihrem Browser entsprechende Einstellungen vornehmen. Es ist nicht gew\u00e4hrleistet, dass<br \/>\nSie auf alle Funktionen dieser Website ohne Einschr\u00e4nkungen zugreifen k\u00f6nnen, wenn Ihr<br \/>\nBrowser keine Cookies zul\u00e4sst.<\/p>\n<p>Weiterhin k\u00f6nnen Sie durch ein Browser-Plugin verhindern, dass die durch Cookies gesammelten<br \/>\nInformationen (inklusive Ihrer IP-Adresse) an die Google Inc. gesendet und von der Google Inc.<br \/>\ngenutzt werden. Folgender Link f\u00fchrt Sie zu dem entsprechenden Plugin: <a href=\"https:\/\/tools.google.com\/dlpage\/gaoptout?hl=de\" target=\"_blank\" rel=\"noopener\">https:\/\/tools.google.com\/dlpage\/gaoptout?hl=de<\/a><br \/>\nAlternativ verhindern Sie mit einem Klick auf diesen Link, dass Google Analytics innerhalb<br \/>\ndieser Website Daten \u00fcber Sie erfasst. Mit dem Klick auf obigen Link laden Sie ein \u201eOpt-Out-Cookie\u201c herunter.<br \/>\nIhr Browser muss die Speicherung von Cookies also hierzu grunds\u00e4tzlich erlauben.<br \/>\nL\u00f6schen Sie Ihre Cookies regelm\u00e4\u00dfig, ist ein erneuter Klick auf den Link bei<br \/>\njedem Besuch dieser Website vonn\u00f6ten.<\/p>\n<p>Hier finden Sie weitere Informationen zur Datennutzung durch die Google Inc.:<\/p>\n<p><a href=\"https:\/\/policies.google.com\/privacy\/partners?hl=de\" target=\"_blank\" rel=\"noopener\">https:\/\/policies.google.com\/privacy\/partners?hl=de<\/a> (Daten, die von Google-Partnern erhoben werden)<br \/>\n<a href=\"https:\/\/adssettings.google.de\/authenticated\" target=\"_blank\" rel=\"noopener\">https:\/\/adssettings.google.de\/authenticated<\/a> (Einstellungen \u00fcber Werbung, die Ihnen angezeigt wird)<br \/>\n<a href=\"https:\/\/policies.google.com\/technologies\/ads?hl=de\" target=\"_blank\" rel=\"noopener\">https:\/\/policies.google.com\/technologies\/ads?hl=de<\/a> (Verwendung von Cookies in Anzeigen)<\/p>\n<h3>21. Google-Maps<\/h3>\n<p>Wir setzen auf unserer Webseite die Komponente &#8220;Google Maps&#8221; der Firma Google Inc.,<br \/>\n1600 Amphitheatre Parkway, Mountain View, CA 94043 USA, nachfolgend \u201eGoogle\u201c, ein.<br \/>\nBei jedem einzelnen Aufruf der Komponente &#8220;Google Maps&#8221; wird von Google ein Cookie gesetzt,<br \/>\num bei der Anzeige der Seite, auf der die Komponente &#8220;Google Maps&#8221; integriert ist, Nutzereinstellungen<br \/>\nund -daten zu verarbeiten.<\/p>\n<p>Dieses Cookie wird im Regelfall nicht durch das Schlie\u00dfen des Browsers gel\u00f6scht, sondern l\u00e4uft nach einer<br \/>\nbestimmten Zeit ab, soweit es nicht von Ihnen zuvor manuell gel\u00f6scht wird.<\/p>\n<p>Wenn Sie mit dieser Verarbeitung Ihrer Daten nicht einverstanden sind, so besteht die M\u00f6glichkeit,<br \/>\nden Service von &#8220;Google Maps&#8221; zu deaktivieren und auf diesem Weg die \u00dcbertragung von Daten an Google<br \/>\nzu verhindern.<br \/>\nDazu m\u00fcssen Sie die Java-Script-Funktion in Ihrem Browser deaktivieren.<br \/>\nWir weisen Sie jedoch darauf hin, dass Sie in diesem Fall &#8220;Google Maps&#8221; nicht oder nur eingeschr\u00e4nkt nutzen k\u00f6nnen.<\/p>\n<p>Die Nutzung von &#8220;Google Maps&#8221; und der \u00fcber &#8220;Google Maps&#8221; erlangten Informationen erfolgt gem\u00e4\u00df den Google-Nutzungsbedingungen<br \/>\n<a href=\"http:\/\/www.google.de\/intl\/de\/policies\/terms\/regional.html\" target=\"_blank\" rel=\"noopener\">http:\/\/www.google.de\/intl\/de\/policies\/terms\/regional.html<\/a><br \/>\nsowie der zus\u00e4tzlichen Gesch\u00e4ftsbedingungen f\u00fcr \u201eGoogle Maps\u201c<br \/>\n<a href=\"https:\/\/www.google.com\/intl\/de_de\/help\/terms_maps.html\" target=\"_blank\" rel=\"noopener\">https:\/\/www.google.com\/intl\/de_de\/help\/terms_maps.html<\/a>.<\/p>\n<h3>21. Google Fonts<\/h3>\n<p>In unserem Internetauftritt setzen wir Google Fonts zur Darstellung externer Schriftarten ein.<br \/>\nEs handelt sich hierbei um einen Dienst der Google LLC, 1600 Amphitheatre Parkway, Mountain View, CA 94043 USA,<br \/>\nnachfolgend nur \u201eGoogle\u201c genannt.<br \/>\nDurch die Zertifizierung nach dem EU-US-Datenschutzschild (\u201eEU-US Privacy Shield\u201c)<br \/>\n<a href=\"https:\/\/www.privacyshield.gov\/participant?id=a2zt000000001L5AAI&amp;status=Active\" target=\"_blank\" rel=\"noopener\">https:\/\/www.privacyshield.gov\/participant?id=a2zt000000001L5AAI&amp;status=Active<\/a><br \/>\ngarantiert Google, dass die Datenschutzvorgaben der EU auch bei der Verarbeitung von Daten in den USA eingehalten werden.<\/p>\n<p>Um die Darstellung bestimmter Schriften in unserem Internetauftritt zu erm\u00f6glichen, wird bei Aufruf<br \/>\nunseres Internetauftritts eine Verbindung zu dem Google-Server in den USA aufgebaut.<br \/>\nRechtsgrundlage ist Art. 6 Abs. 1 lit. f) DSGVO. Unser berechtigtes Interesse liegt in der Optimierung<br \/>\nund dem wirtschaftlichen Betrieb unseres Internetauftritts.<br \/>\nDurch die bei Aufruf unseres Internetauftritts hergestellte Verbindung zu Google kann Google ermitteln,<br \/>\nvon welcher Website Ihre Anfrage gesendet worden ist und an welche IP-Adresse die Darstellung der Schrift zu \u00fcbermitteln ist.<\/p>\n<p>Google bietet unter<br \/>\n<a href=\"https:\/\/adssettings.google.com\/authenticated\" target=\"_blank\" rel=\"noopener\">https:\/\/adssettings.google.com\/authenticated<\/a><br \/>\n<a href=\"https:\/\/policies.google.com\/privacy\" target=\"_blank\" rel=\"noopener\">https:\/\/policies.google.com\/privacy<\/a><br \/>\nweitere Informationen an und zwar insbesondere zu den M\u00f6glichkeiten der Unterbindung der Datennutzung.[\/vc_column_text][\/vc_column][\/vc_row][vc_row][vc_column][\/vc_column][\/vc_row]<\/p>\n<\/div>","protected":false},"excerpt":{"rendered":"<p>[vc_row][vc_column][vc_column_text] Datenschutzerkl\u00e4rung [\/vc_column_text][vc_separator color=&#8221;custom&#8221; border_width=&#8221;2&#8243; el_width=&#8221;40&#8243; accent_color=&#8221;#00bcd4&#8243;][\/vc_column][\/vc_row][vc_row][vc_column][vc_column_text]Wir freuen uns sehr \u00fcber Ihr Interesse an unserem Unternehmen. Datenschutz hat einen besonders&#8230;<\/p>\n","protected":false},"author":6,"featured_media":0,"parent":0,"menu_order":0,"comment_status":"closed","ping_status":"closed","template":"","meta":{"footnotes":""},"class_list":["post-32943","page","type-page","status-publish"],"translation":{"provider":"WPGlobus","version":"3.0.2","language":"en","enabled_languages":["de","en"],"languages":{"de":{"title":true,"content":true,"excerpt":false},"en":{"title":false,"content":false,"excerpt":false}}},"_links":{"self":[{"href":"https:\/\/www.abraxas.de\/en\/wp-json\/wp\/v2\/pages\/32943","targetHints":{"allow":["GET"]}}],"collection":[{"href":"https:\/\/www.abraxas.de\/en\/wp-json\/wp\/v2\/pages"}],"about":[{"href":"https:\/\/www.abraxas.de\/en\/wp-json\/wp\/v2\/types\/page"}],"author":[{"embeddable":true,"href":"https:\/\/www.abraxas.de\/en\/wp-json\/wp\/v2\/users\/6"}],"replies":[{"embeddable":true,"href":"https:\/\/www.abraxas.de\/en\/wp-json\/wp\/v2\/comments?post=32943"}],"version-history":[{"count":28,"href":"https:\/\/www.abraxas.de\/en\/wp-json\/wp\/v2\/pages\/32943\/revisions"}],"predecessor-version":[{"id":35142,"href":"https:\/\/www.abraxas.de\/en\/wp-json\/wp\/v2\/pages\/32943\/revisions\/35142"}],"wp:attachment":[{"href":"https:\/\/www.abraxas.de\/en\/wp-json\/wp\/v2\/media?parent=32943"}],"curies":[{"name":"wp","href":"https:\/\/api.w.org\/{rel}","templated":true}]}}